{"id":552,"date":"2021-12-08T10:02:24","date_gmt":"2021-12-08T10:02:24","guid":{"rendered":"https:\/\/chemin-du-hameau.ch\/?page_id=552"},"modified":"2021-12-13T12:34:04","modified_gmt":"2021-12-13T12:34:04","slug":"proche-des-pistes","status":"publish","type":"page","link":"https:\/\/demo.lemansec.ch\/hameau\/proche-des-pistes\/","title":{"rendered":"Proche des pistes"},"content":{"rendered":"\t\t<div data-elementor-type=\"wp-page\" data-elementor-id=\"552\" class=\"elementor elementor-552\" data-elementor-settings=\"[]\">\n\t\t\t\t\t\t\t<div class=\"elementor-section-wrap\">\n\t\t\t\t\t\t\t<section class=\"elementor-section elementor-top-section elementor-element elementor-element-2166651d elementor-section-boxed elementor-section-height-default elementor-section-height-default\" data-id=\"2166651d\" data-element_type=\"section\">\n\t\t\t\t\t\t<div class=\"elementor-container elementor-column-gap-default\">\n\t\t\t\t\t<div class=\"elementor-column elementor-col-100 elementor-top-column elementor-element elementor-element-4a422a2c\" data-id=\"4a422a2c\" data-element_type=\"column\">\n\t\t\t<div class=\"elementor-widget-wrap elementor-element-populated\">\n\t\t\t\t\t\t\t\t<div class=\"elementor-element elementor-element-3bfe1b5 elementor-widget elementor-widget-text-editor\" data-id=\"3bfe1b5\" data-element_type=\"widget\" data-widget_type=\"text-editor.default\">\n\t\t\t\t<div class=\"elementor-widget-container\">\n\t\t\t<style>\/*! elementor - v3.5.1 - 20-12-2021 *\/\n.elementor-widget-text-editor.elementor-drop-cap-view-stacked .elementor-drop-cap{background-color:#818a91;color:#fff}.elementor-widget-text-editor.elementor-drop-cap-view-framed .elementor-drop-cap{color:#818a91;border:3px solid;background-color:transparent}.elementor-widget-text-editor:not(.elementor-drop-cap-view-default) .elementor-drop-cap{margin-top:8px}.elementor-widget-text-editor:not(.elementor-drop-cap-view-default) .elementor-drop-cap-letter{width:1em;height:1em}.elementor-widget-text-editor .elementor-drop-cap{float:left;text-align:center;line-height:1;font-size:50px}.elementor-widget-text-editor .elementor-drop-cap-letter{display:inline-block}<\/style>\t\t\t\t\t\t\t\t\t\t<\/div>\n\t\t\t\t<\/div>\n\t\t\t\t\t<\/div>\n\t\t<\/div>\n\t\t\t\t\t\t\t<\/div>\n\t\t<\/section>\n\t\t\t\t<section class=\"elementor-section elementor-top-section elementor-element elementor-element-c7cd930 elementor-section-boxed elementor-section-height-default elementor-section-height-default\" data-id=\"c7cd930\" data-element_type=\"section\">\n\t\t\t\t\t\t<div class=\"elementor-container elementor-column-gap-default\">\n\t\t\t\t\t<div class=\"elementor-column elementor-col-33 elementor-top-column elementor-element elementor-element-0d0a2c3\" data-id=\"0d0a2c3\" data-element_type=\"column\">\n\t\t\t<div class=\"elementor-widget-wrap elementor-element-populated\">\n\t\t\t\t\t\t\t\t<div class=\"elementor-element elementor-element-d94f555 elementor-view-default elementor-widget elementor-widget-icon\" data-id=\"d94f555\" data-element_type=\"widget\" data-widget_type=\"icon.default\">\n\t\t\t\t<div class=\"elementor-widget-container\">\n\t\t\t\t\t<div class=\"elementor-icon-wrapper\">\n\t\t\t<div class=\"elementor-icon\">\n\t\t\t<i aria-hidden=\"true\" class=\"fas fa-skiing\"><\/i>\t\t\t<\/div>\n\t\t<\/div>\n\t\t\t\t<\/div>\n\t\t\t\t<\/div>\n\t\t\t\t<div class=\"elementor-element elementor-element-8f1be6b elementor-widget elementor-widget-text-editor\" data-id=\"8f1be6b\" data-element_type=\"widget\" data-widget_type=\"text-editor.default\">\n\t\t\t\t<div class=\"elementor-widget-container\">\n\t\t\t\t\t\t\t<p>Nos appartements sont situ\u00e9s dans une r\u00e9sidence \u00e0 1.3km des pistes de ski, soit 15 minutes \u00e0 pied ou 3 minutes en voiture.<\/p>\t\t\t\t\t\t<\/div>\n\t\t\t\t<\/div>\n\t\t\t\t\t<\/div>\n\t\t<\/div>\n\t\t\t\t<div class=\"elementor-column elementor-col-33 elementor-top-column elementor-element elementor-element-89df268\" data-id=\"89df268\" data-element_type=\"column\">\n\t\t\t<div class=\"elementor-widget-wrap elementor-element-populated\">\n\t\t\t\t\t\t\t\t<div class=\"elementor-element elementor-element-3ab9416 elementor-view-default elementor-widget elementor-widget-icon\" data-id=\"3ab9416\" data-element_type=\"widget\" data-widget_type=\"icon.default\">\n\t\t\t\t<div class=\"elementor-widget-container\">\n\t\t\t\t\t<div class=\"elementor-icon-wrapper\">\n\t\t\t<div class=\"elementor-icon\">\n\t\t\t<i aria-hidden=\"true\" class=\"fas fa-bus\"><\/i>\t\t\t<\/div>\n\t\t<\/div>\n\t\t\t\t<\/div>\n\t\t\t\t<\/div>\n\t\t\t\t<div class=\"elementor-element elementor-element-908fe28 elementor-widget elementor-widget-text-editor\" data-id=\"908fe28\" data-element_type=\"widget\" data-widget_type=\"text-editor.default\">\n\t\t\t\t<div class=\"elementor-widget-container\">\n\t\t\t\t\t\t\t<p>A proximit\u00e9, vous trouverez \u00e9galement un service de navette (bus) qui vous d\u00e9posera directement au centre de la station.<\/p>\t\t\t\t\t\t<\/div>\n\t\t\t\t<\/div>\n\t\t\t\t\t<\/div>\n\t\t<\/div>\n\t\t\t\t<div class=\"elementor-column elementor-col-33 elementor-top-column elementor-element elementor-element-5d127bb\" data-id=\"5d127bb\" data-element_type=\"column\">\n\t\t\t<div class=\"elementor-widget-wrap elementor-element-populated\">\n\t\t\t\t\t\t\t\t<div class=\"elementor-element elementor-element-b0e70b8 elementor-view-default elementor-widget elementor-widget-icon\" data-id=\"b0e70b8\" data-element_type=\"widget\" data-widget_type=\"icon.default\">\n\t\t\t\t<div class=\"elementor-widget-container\">\n\t\t\t\t\t<div class=\"elementor-icon-wrapper\">\n\t\t\t<div class=\"elementor-icon\">\n\t\t\t<i aria-hidden=\"true\" class=\"fas fa-walking\"><\/i>\t\t\t<\/div>\n\t\t<\/div>\n\t\t\t\t<\/div>\n\t\t\t\t<\/div>\n\t\t\t\t<div class=\"elementor-element elementor-element-e39b07f elementor-widget elementor-widget-text-editor\" data-id=\"e39b07f\" data-element_type=\"widget\" data-widget_type=\"text-editor.default\">\n\t\t\t\t<div class=\"elementor-widget-container\">\n\t\t\t\t\t\t\t<p>Les itin\u00e9raires balis\u00e9s pour le ski de randonn\u00e9es ou les raquettes \u00e0 neige se trouvent seulement \u00e0 quelques encablures de la r\u00e9sidences. Vous pourrez partir \u00ab\u00a0skis ou raquettes aux pieds\u00a0\u00bb \u00e0 la d\u00e9couverte de cette belle r\u00e9gion.<\/p>\t\t\t\t\t\t<\/div>\n\t\t\t\t<\/div>\n\t\t\t\t\t<\/div>\n\t\t<\/div>\n\t\t\t\t\t\t\t<\/div>\n\t\t<\/section>\n\t\t\t\t<section class=\"elementor-section elementor-top-section elementor-element elementor-element-55461c4 elementor-section-boxed elementor-section-height-default elementor-section-height-default\" data-id=\"55461c4\" data-element_type=\"section\">\n\t\t\t\t\t\t<div class=\"elementor-container elementor-column-gap-default\">\n\t\t\t\t\t<div class=\"elementor-column elementor-col-33 elementor-top-column elementor-element elementor-element-deacda0\" data-id=\"deacda0\" data-element_type=\"column\">\n\t\t\t<div class=\"elementor-widget-wrap elementor-element-populated\">\n\t\t\t\t\t\t\t\t<div class=\"elementor-element elementor-element-68af409 elementor-widget elementor-widget-image\" data-id=\"68af409\" data-element_type=\"widget\" data-widget_type=\"image.default\">\n\t\t\t\t<div class=\"elementor-widget-container\">\n\t\t\t<style>\/*! elementor - v3.5.1 - 20-12-2021 *\/\n.elementor-widget-image{text-align:center}.elementor-widget-image a{display:inline-block}.elementor-widget-image a img[src$=\".svg\"]{width:48px}.elementor-widget-image img{vertical-align:middle;display:inline-block}<\/style>\t\t\t\t\t\t\t\t\t\t\t\t<img decoding=\"async\" src=\"https:\/\/i1.wp.com\/demo.lemansec.ch\/hameau\/wp-content\/uploads\/2021\/12\/BC3BD35C-9FCB-4CF4-A366-5F3864441967-scaled.jpeg?w=800&#038;ssl=1\" title=\"\" alt=\"\" data-recalc-dims=\"1\" \/>\t\t\t\t\t\t\t\t\t\t\t\t\t\t\t<\/div>\n\t\t\t\t<\/div>\n\t\t\t\t\t<\/div>\n\t\t<\/div>\n\t\t\t\t<div class=\"elementor-column elementor-col-33 elementor-top-column elementor-element elementor-element-4377fb9\" data-id=\"4377fb9\" data-element_type=\"column\">\n\t\t\t<div class=\"elementor-widget-wrap elementor-element-populated\">\n\t\t\t\t\t\t\t\t<div class=\"elementor-element elementor-element-d8150aa elementor-widget elementor-widget-image\" data-id=\"d8150aa\" data-element_type=\"widget\" data-widget_type=\"image.default\">\n\t\t\t\t<div class=\"elementor-widget-container\">\n\t\t\t\t\t\t\t\t\t\t\t\t\t\t\t<img decoding=\"async\" src=\"https:\/\/i1.wp.com\/demo.lemansec.ch\/hameau\/wp-content\/uploads\/2021\/12\/204F9C28-2FC9-479B-A424-77FEAF1CC3B6.jpeg?w=800&#038;ssl=1\" title=\"\" alt=\"\" data-recalc-dims=\"1\" \/>\t\t\t\t\t\t\t\t\t\t\t\t\t\t\t<\/div>\n\t\t\t\t<\/div>\n\t\t\t\t\t<\/div>\n\t\t<\/div>\n\t\t\t\t<div class=\"elementor-column elementor-col-33 elementor-top-column elementor-element elementor-element-62c8b5f\" data-id=\"62c8b5f\" data-element_type=\"column\">\n\t\t\t<div class=\"elementor-widget-wrap elementor-element-populated\">\n\t\t\t\t\t\t\t\t<div class=\"elementor-element elementor-element-76b36e8 elementor-widget elementor-widget-image\" data-id=\"76b36e8\" data-element_type=\"widget\" data-widget_type=\"image.default\">\n\t\t\t\t<div class=\"elementor-widget-container\">\n\t\t\t\t\t\t\t\t\t\t\t\t\t\t\t<img decoding=\"async\" src=\"https:\/\/i0.wp.com\/demo.lemansec.ch\/hameau\/wp-content\/uploads\/2021\/12\/091FD277-3BFD-4526-B574-3EE83651973C.jpeg?w=800&#038;ssl=1\" title=\"\" alt=\"\" data-recalc-dims=\"1\" \/>\t\t\t\t\t\t\t\t\t\t\t\t\t\t\t<\/div>\n\t\t\t\t<\/div>\n\t\t\t\t\t<\/div>\n\t\t<\/div>\n\t\t\t\t\t\t\t<\/div>\n\t\t<\/section>\n\t\t\t\t\t\t<\/div>\n\t\t\t\t\t<\/div>\n\t\t","protected":false},"excerpt":{"rendered":"<p>Nos appartements sont situ\u00e9s dans une r\u00e9sidence \u00e0 1.3km des pistes de ski, soit 15 &#8230; <\/p>\n<div class=\"text-center\"><a class=\"theme-btn\" href=\"https:\/\/demo.lemansec.ch\/hameau\/proche-des-pistes\/\">Read More<\/a><\/div>\n","protected":false},"author":1,"featured_media":0,"parent":0,"menu_order":0,"comment_status":"closed","ping_status":"closed","template":"","meta":{"spay_email":"","footnotes":""},"class_list":["post-552","page","type-page","status-publish","hentry"],"yoast_head":"<!-- This site is optimized with the Yoast SEO plugin v28.4 - https:\/\/yoast.com\/product\/yoast-seo-wordpress\/ -->\n<title>Proche des pistes - Chemin du Hameau<\/title>\n<meta name=\"robots\" content=\"index, follow, max-snippet:-1, max-image-preview:large, max-video-preview:-1\" \/>\n<link rel=\"canonical\" href=\"https:\/\/demo.lemansec.ch\/hameau\/proche-des-pistes\/\" \/>\n<meta property=\"og:locale\" content=\"fr_FR\" \/>\n<meta property=\"og:type\" content=\"article\" \/>\n<meta property=\"og:title\" content=\"Proche des pistes - Chemin du Hameau\" \/>\n<meta property=\"og:description\" content=\"Nos appartements sont situ\u00e9s dans une r\u00e9sidence \u00e0 1.3km des pistes de ski, soit 15 ... Read More\" \/>\n<meta property=\"og:url\" content=\"https:\/\/demo.lemansec.ch\/hameau\/proche-des-pistes\/\" \/>\n<meta property=\"og:site_name\" content=\"Chemin du Hameau\" \/>\n<meta property=\"article:modified_time\" content=\"2021-12-13T12:34:04+00:00\" \/>\n<meta property=\"og:image\" content=\"https:\/\/demo.lemansec.ch\/hameau\/wp-content\/uploads\/2021\/12\/BC3BD35C-9FCB-4CF4-A366-5F3864441967-1024x768.jpeg\" \/>\n<meta name=\"twitter:card\" content=\"summary_large_image\" \/>\n<meta name=\"twitter:label1\" content=\"Dur\u00e9e de lecture estim\u00e9e\" \/>\n\t<meta name=\"twitter:data1\" content=\"1 minute\" \/>\n<script type=\"application\/ld+json\" class=\"yoast-schema-graph\">{\"@context\":\"https:\\\/\\\/schema.org\",\"@graph\":[{\"@type\":\"WebPage\",\"@id\":\"https:\\\/\\\/demo.lemansec.ch\\\/hameau\\\/proche-des-pistes\\\/\",\"url\":\"https:\\\/\\\/demo.lemansec.ch\\\/hameau\\\/proche-des-pistes\\\/\",\"name\":\"Proche des pistes - Chemin du Hameau\",\"isPartOf\":{\"@id\":\"https:\\\/\\\/demo.lemansec.ch\\\/hameau\\\/#website\"},\"primaryImageOfPage\":{\"@id\":\"https:\\\/\\\/demo.lemansec.ch\\\/hameau\\\/proche-des-pistes\\\/#primaryimage\"},\"image\":{\"@id\":\"https:\\\/\\\/demo.lemansec.ch\\\/hameau\\\/proche-des-pistes\\\/#primaryimage\"},\"thumbnailUrl\":\"https:\\\/\\\/demo.lemansec.ch\\\/hameau\\\/wp-content\\\/uploads\\\/2021\\\/12\\\/BC3BD35C-9FCB-4CF4-A366-5F3864441967-1024x768.jpeg\",\"datePublished\":\"2021-12-08T10:02:24+00:00\",\"dateModified\":\"2021-12-13T12:34:04+00:00\",\"breadcrumb\":{\"@id\":\"https:\\\/\\\/demo.lemansec.ch\\\/hameau\\\/proche-des-pistes\\\/#breadcrumb\"},\"inLanguage\":\"fr-FR\",\"potentialAction\":[{\"@type\":\"ReadAction\",\"target\":[\"https:\\\/\\\/demo.lemansec.ch\\\/hameau\\\/proche-des-pistes\\\/\"]}]},{\"@type\":\"ImageObject\",\"inLanguage\":\"fr-FR\",\"@id\":\"https:\\\/\\\/demo.lemansec.ch\\\/hameau\\\/proche-des-pistes\\\/#primaryimage\",\"url\":\"https:\\\/\\\/demo.lemansec.ch\\\/hameau\\\/wp-content\\\/uploads\\\/2021\\\/12\\\/BC3BD35C-9FCB-4CF4-A366-5F3864441967-1024x768.jpeg\",\"contentUrl\":\"https:\\\/\\\/demo.lemansec.ch\\\/hameau\\\/wp-content\\\/uploads\\\/2021\\\/12\\\/BC3BD35C-9FCB-4CF4-A366-5F3864441967-1024x768.jpeg\"},{\"@type\":\"BreadcrumbList\",\"@id\":\"https:\\\/\\\/demo.lemansec.ch\\\/hameau\\\/proche-des-pistes\\\/#breadcrumb\",\"itemListElement\":[{\"@type\":\"ListItem\",\"position\":1,\"name\":\"Accueil\",\"item\":\"https:\\\/\\\/demo.lemansec.ch\\\/hameau\\\/\"},{\"@type\":\"ListItem\",\"position\":2,\"name\":\"Proche des pistes\"}]},{\"@type\":\"WebSite\",\"@id\":\"https:\\\/\\\/demo.lemansec.ch\\\/hameau\\\/#website\",\"url\":\"https:\\\/\\\/demo.lemansec.ch\\\/hameau\\\/\",\"name\":\"Chemin du Hameau\",\"description\":\"Appartements a louer\",\"publisher\":{\"@id\":\"https:\\\/\\\/demo.lemansec.ch\\\/hameau\\\/#organization\"},\"potentialAction\":[{\"@type\":\"SearchAction\",\"target\":{\"@type\":\"EntryPoint\",\"urlTemplate\":\"https:\\\/\\\/demo.lemansec.ch\\\/hameau\\\/?s={search_term_string}\"},\"query-input\":{\"@type\":\"PropertyValueSpecification\",\"valueRequired\":true,\"valueName\":\"search_term_string\"}}],\"inLanguage\":\"fr-FR\"},{\"@type\":\"Organization\",\"@id\":\"https:\\\/\\\/demo.lemansec.ch\\\/hameau\\\/#organization\",\"name\":\"Chemin du Hameau\",\"url\":\"https:\\\/\\\/demo.lemansec.ch\\\/hameau\\\/\",\"logo\":{\"@type\":\"ImageObject\",\"inLanguage\":\"fr-FR\",\"@id\":\"https:\\\/\\\/demo.lemansec.ch\\\/hameau\\\/#\\\/schema\\\/logo\\\/image\\\/\",\"url\":\"https:\\\/\\\/demo.lemansec.ch\\\/hameau\\\/wp-content\\\/uploads\\\/2021\\\/12\\\/cropped-MicrosoftTeams-image-1-1.png\",\"contentUrl\":\"https:\\\/\\\/demo.lemansec.ch\\\/hameau\\\/wp-content\\\/uploads\\\/2021\\\/12\\\/cropped-MicrosoftTeams-image-1-1.png\",\"width\":2734,\"height\":2000,\"caption\":\"Chemin du Hameau\"},\"image\":{\"@id\":\"https:\\\/\\\/demo.lemansec.ch\\\/hameau\\\/#\\\/schema\\\/logo\\\/image\\\/\"}}]}<\/script>\n<!-- \/ Yoast SEO plugin. -->","yoast_head_json":{"title":"Proche des pistes - Chemin du Hameau","robots":{"index":"index","follow":"follow","max-snippet":"max-snippet:-1","max-image-preview":"max-image-preview:large","max-video-preview":"max-video-preview:-1"},"canonical":"https:\/\/demo.lemansec.ch\/hameau\/proche-des-pistes\/","og_locale":"fr_FR","og_type":"article","og_title":"Proche des pistes - Chemin du Hameau","og_description":"Nos appartements sont situ\u00e9s dans une r\u00e9sidence \u00e0 1.3km des pistes de ski, soit 15 ... Read More","og_url":"https:\/\/demo.lemansec.ch\/hameau\/proche-des-pistes\/","og_site_name":"Chemin du Hameau","article_modified_time":"2021-12-13T12:34:04+00:00","og_image":[{"url":"https:\/\/demo.lemansec.ch\/hameau\/wp-content\/uploads\/2021\/12\/BC3BD35C-9FCB-4CF4-A366-5F3864441967-1024x768.jpeg","type":"","width":"","height":""}],"twitter_card":"summary_large_image","twitter_misc":{"Dur\u00e9e de lecture estim\u00e9e":"1 minute"},"schema":{"@context":"https:\/\/schema.org","@graph":[{"@type":"WebPage","@id":"https:\/\/demo.lemansec.ch\/hameau\/proche-des-pistes\/","url":"https:\/\/demo.lemansec.ch\/hameau\/proche-des-pistes\/","name":"Proche des pistes - Chemin du Hameau","isPartOf":{"@id":"https:\/\/demo.lemansec.ch\/hameau\/#website"},"primaryImageOfPage":{"@id":"https:\/\/demo.lemansec.ch\/hameau\/proche-des-pistes\/#primaryimage"},"image":{"@id":"https:\/\/demo.lemansec.ch\/hameau\/proche-des-pistes\/#primaryimage"},"thumbnailUrl":"https:\/\/demo.lemansec.ch\/hameau\/wp-content\/uploads\/2021\/12\/BC3BD35C-9FCB-4CF4-A366-5F3864441967-1024x768.jpeg","datePublished":"2021-12-08T10:02:24+00:00","dateModified":"2021-12-13T12:34:04+00:00","breadcrumb":{"@id":"https:\/\/demo.lemansec.ch\/hameau\/proche-des-pistes\/#breadcrumb"},"inLanguage":"fr-FR","potentialAction":[{"@type":"ReadAction","target":["https:\/\/demo.lemansec.ch\/hameau\/proche-des-pistes\/"]}]},{"@type":"ImageObject","inLanguage":"fr-FR","@id":"https:\/\/demo.lemansec.ch\/hameau\/proche-des-pistes\/#primaryimage","url":"https:\/\/demo.lemansec.ch\/hameau\/wp-content\/uploads\/2021\/12\/BC3BD35C-9FCB-4CF4-A366-5F3864441967-1024x768.jpeg","contentUrl":"https:\/\/demo.lemansec.ch\/hameau\/wp-content\/uploads\/2021\/12\/BC3BD35C-9FCB-4CF4-A366-5F3864441967-1024x768.jpeg"},{"@type":"BreadcrumbList","@id":"https:\/\/demo.lemansec.ch\/hameau\/proche-des-pistes\/#breadcrumb","itemListElement":[{"@type":"ListItem","position":1,"name":"Accueil","item":"https:\/\/demo.lemansec.ch\/hameau\/"},{"@type":"ListItem","position":2,"name":"Proche des pistes"}]},{"@type":"WebSite","@id":"https:\/\/demo.lemansec.ch\/hameau\/#website","url":"https:\/\/demo.lemansec.ch\/hameau\/","name":"Chemin du Hameau","description":"Appartements a louer","publisher":{"@id":"https:\/\/demo.lemansec.ch\/hameau\/#organization"},"potentialAction":[{"@type":"SearchAction","target":{"@type":"EntryPoint","urlTemplate":"https:\/\/demo.lemansec.ch\/hameau\/?s={search_term_string}"},"query-input":{"@type":"PropertyValueSpecification","valueRequired":true,"valueName":"search_term_string"}}],"inLanguage":"fr-FR"},{"@type":"Organization","@id":"https:\/\/demo.lemansec.ch\/hameau\/#organization","name":"Chemin du Hameau","url":"https:\/\/demo.lemansec.ch\/hameau\/","logo":{"@type":"ImageObject","inLanguage":"fr-FR","@id":"https:\/\/demo.lemansec.ch\/hameau\/#\/schema\/logo\/image\/","url":"https:\/\/demo.lemansec.ch\/hameau\/wp-content\/uploads\/2021\/12\/cropped-MicrosoftTeams-image-1-1.png","contentUrl":"https:\/\/demo.lemansec.ch\/hameau\/wp-content\/uploads\/2021\/12\/cropped-MicrosoftTeams-image-1-1.png","width":2734,"height":2000,"caption":"Chemin du Hameau"},"image":{"@id":"https:\/\/demo.lemansec.ch\/hameau\/#\/schema\/logo\/image\/"}}]}},"_links":{"self":[{"href":"https:\/\/demo.lemansec.ch\/hameau\/wp-json\/wp\/v2\/pages\/552","targetHints":{"allow":["GET"]}}],"collection":[{"href":"https:\/\/demo.lemansec.ch\/hameau\/wp-json\/wp\/v2\/pages"}],"about":[{"href":"https:\/\/demo.lemansec.ch\/hameau\/wp-json\/wp\/v2\/types\/page"}],"author":[{"embeddable":true,"href":"https:\/\/demo.lemansec.ch\/hameau\/wp-json\/wp\/v2\/users\/1"}],"replies":[{"embeddable":true,"href":"https:\/\/demo.lemansec.ch\/hameau\/wp-json\/wp\/v2\/comments?post=552"}],"version-history":[{"count":31,"href":"https:\/\/demo.lemansec.ch\/hameau\/wp-json\/wp\/v2\/pages\/552\/revisions"}],"predecessor-version":[{"id":765,"href":"https:\/\/demo.lemansec.ch\/hameau\/wp-json\/wp\/v2\/pages\/552\/revisions\/765"}],"wp:attachment":[{"href":"https:\/\/demo.lemansec.ch\/hameau\/wp-json\/wp\/v2\/media?parent=552"}],"curies":[{"name":"wp","href":"https:\/\/api.w.org\/{rel}","templated":true}]}}