{"id":129,"date":"2021-10-21T14:42:20","date_gmt":"2021-10-21T14:42:20","guid":{"rendered":"https:\/\/demo.lemansec.ch\/hameau\/?page_id=129"},"modified":"2021-12-16T12:24:48","modified_gmt":"2021-12-16T12:24:48","slug":"activites","status":"publish","type":"page","link":"https:\/\/demo.lemansec.ch\/hameau\/activites\/","title":{"rendered":"Les activit\u00e9s"},"content":{"rendered":"\t\t<div data-elementor-type=\"wp-page\" data-elementor-id=\"129\" class=\"elementor elementor-129\" data-elementor-settings=\"[]\">\n\t\t\t\t\t\t\t<div class=\"elementor-section-wrap\">\n\t\t\t\t\t\t\t<section class=\"elementor-section elementor-top-section elementor-element elementor-element-7fb05916 elementor-section-height-min-height elementor-section-full_width elementor-section-stretched elementor-section-height-default elementor-section-items-middle elementor-invisible\" data-id=\"7fb05916\" data-element_type=\"section\" data-settings=\"{&quot;background_background&quot;:&quot;classic&quot;,&quot;stretch_section&quot;:&quot;section-stretched&quot;,&quot;animation&quot;:&quot;fadeInRight&quot;}\">\n\t\t\t\t\t\t\t<div class=\"elementor-background-overlay\"><\/div>\n\t\t\t\t\t\t\t<div class=\"elementor-container elementor-column-gap-default\">\n\t\t\t\t\t<div class=\"elementor-column elementor-col-100 elementor-top-column elementor-element elementor-element-128e06a2\" data-id=\"128e06a2\" data-element_type=\"column\">\n\t\t\t<div class=\"elementor-widget-wrap elementor-element-populated\">\n\t\t\t\t\t\t\t\t<div class=\"elementor-element elementor-element-25bf3afc elementor-widget elementor-widget-heading\" data-id=\"25bf3afc\" data-element_type=\"widget\" data-widget_type=\"heading.default\">\n\t\t\t\t<div class=\"elementor-widget-container\">\n\t\t\t<style>\/*! elementor - v3.5.1 - 20-12-2021 *\/\n.elementor-heading-title{padding:0;margin:0;line-height:1}.elementor-widget-heading .elementor-heading-title[class*=elementor-size-]>a{color:inherit;font-size:inherit;line-height:inherit}.elementor-widget-heading .elementor-heading-title.elementor-size-small{font-size:15px}.elementor-widget-heading .elementor-heading-title.elementor-size-medium{font-size:19px}.elementor-widget-heading .elementor-heading-title.elementor-size-large{font-size:29px}.elementor-widget-heading .elementor-heading-title.elementor-size-xl{font-size:39px}.elementor-widget-heading .elementor-heading-title.elementor-size-xxl{font-size:59px}<\/style><h2 class=\"elementor-heading-title elementor-size-large\">La r\u00e9gion l'hiver<\/h2>\t\t<\/div>\n\t\t\t\t<\/div>\n\t\t\t\t<div class=\"elementor-element elementor-element-4c380126 elementor-widget__width-initial elementor-widget elementor-widget-text-editor\" data-id=\"4c380126\" data-element_type=\"widget\" data-widget_type=\"text-editor.default\">\n\t\t\t\t<div class=\"elementor-widget-container\">\n\t\t\t<style>\/*! elementor - v3.5.1 - 20-12-2021 *\/\n.elementor-widget-text-editor.elementor-drop-cap-view-stacked .elementor-drop-cap{background-color:#818a91;color:#fff}.elementor-widget-text-editor.elementor-drop-cap-view-framed .elementor-drop-cap{color:#818a91;border:3px solid;background-color:transparent}.elementor-widget-text-editor:not(.elementor-drop-cap-view-default) .elementor-drop-cap{margin-top:8px}.elementor-widget-text-editor:not(.elementor-drop-cap-view-default) .elementor-drop-cap-letter{width:1em;height:1em}.elementor-widget-text-editor .elementor-drop-cap{float:left;text-align:center;line-height:1;font-size:50px}.elementor-widget-text-editor .elementor-drop-cap-letter{display:inline-block}<\/style>\t\t\t\t<p>Ces appartements sont id\u00e9alement situ\u00e9s au coeur du domaine skiable des Portes du Soleil. Les nombreuses activit\u00e9s hivernales combleront votre bonheur, que ce soit pour les plus confirm\u00e9s avec le ski de piste, le ski de fond, le ski de randonn\u00e9e ou alors un jardin des neiges am\u00e9nag\u00e9 pour les d\u00e9butants (enfants &amp; adultes) au coeur de la station.<\/p><p>La nature est \u00e0 votre porte : Les nombreux parcours pour les raquettes \u00e0 neige ou une simple balade dans le vallon de They ne pourront que vous \u00e9merveiller. Et pendant que les enfants profitent des joies de l&rsquo;hiver, les parents trouveront refuge dans une buvette pour se r\u00e9chauffer avec un bon vin chaud.<\/p>\t\t\t\t\t\t<\/div>\n\t\t\t\t<\/div>\n\t\t\t\t<div class=\"elementor-element elementor-element-1c4a7d08 elementor-button-info elementor-widget elementor-widget-button\" data-id=\"1c4a7d08\" data-element_type=\"widget\" data-settings=\"{&quot;_animation&quot;:&quot;none&quot;}\" data-widget_type=\"button.default\">\n\t\t\t\t<div class=\"elementor-widget-container\">\n\t\t\t\t\t<div class=\"elementor-button-wrapper\">\n\t\t\t<a href=\"https:\/\/www.skipass-pds-ch.ch\/\" class=\"elementor-button-link elementor-button elementor-size-md\" role=\"button\">\n\t\t\t\t\t\t<span class=\"elementor-button-content-wrapper\">\n\t\t\t\t\t\t<span class=\"elementor-button-icon elementor-align-icon-left\">\n\t\t\t\t<i aria-hidden=\"true\" class=\"fas fa-skiing\"><\/i>\t\t\t<\/span>\n\t\t\t\t\t\t<span class=\"elementor-button-text\">R\u00e9server votre abonnement<\/span>\n\t\t<\/span>\n\t\t\t\t\t<\/a>\n\t\t<\/div>\n\t\t\t\t<\/div>\n\t\t\t\t<\/div>\n\t\t\t\t\t<\/div>\n\t\t<\/div>\n\t\t\t\t\t\t\t<\/div>\n\t\t<\/section>\n\t\t\t\t<section class=\"elementor-section elementor-top-section elementor-element elementor-element-87cd86d elementor-section-boxed elementor-section-height-default elementor-section-height-default\" data-id=\"87cd86d\" data-element_type=\"section\">\n\t\t\t\t\t\t<div class=\"elementor-container elementor-column-gap-default\">\n\t\t\t\t\t<div class=\"elementor-column elementor-col-100 elementor-top-column elementor-element elementor-element-cec8ec2\" data-id=\"cec8ec2\" data-element_type=\"column\">\n\t\t\t<div class=\"elementor-widget-wrap elementor-element-populated\">\n\t\t\t\t\t\t\t\t<div class=\"elementor-element elementor-element-f5ebf45 elementor-widget elementor-widget-heading\" data-id=\"f5ebf45\" data-element_type=\"widget\" data-widget_type=\"heading.default\">\n\t\t\t\t<div class=\"elementor-widget-container\">\n\t\t\t<h2 class=\"elementor-heading-title elementor-size-default\">Les activit\u00e9s par r\u00e9gion<\/h2>\t\t<\/div>\n\t\t\t\t<\/div>\n\t\t\t\t\t<\/div>\n\t\t<\/div>\n\t\t\t\t\t\t\t<\/div>\n\t\t<\/section>\n\t\t\t\t<section class=\"elementor-section elementor-top-section elementor-element elementor-element-654b116 elementor-section-boxed elementor-section-height-default elementor-section-height-default\" data-id=\"654b116\" data-element_type=\"section\">\n\t\t\t\t\t\t<div class=\"elementor-container elementor-column-gap-default\">\n\t\t\t\t\t<div class=\"elementor-column elementor-col-25 elementor-top-column elementor-element elementor-element-3a31250\" data-id=\"3a31250\" data-element_type=\"column\">\n\t\t\t<div class=\"elementor-widget-wrap elementor-element-populated\">\n\t\t\t\t\t\t\t\t<div class=\"elementor-element elementor-element-e316ac9 elementor-view-default elementor-widget elementor-widget-icon\" data-id=\"e316ac9\" data-element_type=\"widget\" data-widget_type=\"icon.default\">\n\t\t\t\t<div class=\"elementor-widget-container\">\n\t\t\t\t\t<div class=\"elementor-icon-wrapper\">\n\t\t\t<div class=\"elementor-icon\">\n\t\t\t<i aria-hidden=\"true\" class=\"fas fa-walking\"><\/i>\t\t\t<\/div>\n\t\t<\/div>\n\t\t\t\t<\/div>\n\t\t\t\t<\/div>\n\t\t\t\t<div class=\"elementor-element elementor-element-ae0786e elementor-widget elementor-widget-text-editor\" data-id=\"ae0786e\" data-element_type=\"widget\" data-widget_type=\"text-editor.default\">\n\t\t\t\t<div class=\"elementor-widget-container\">\n\t\t\t\t\t\t\t<p><strong>Morgins<\/strong><\/p><p><a href=\"https:\/\/www.regiondentsdumidi.ch\/fr\/a-faire\/hiver\/sports-d-hiver\/ski-de-randonnee\/rando-parc-de-morgins-23600\/\">Randoparc<\/a><\/p><p><a href=\"https:\/\/www.regiondentsdumidi.ch\/fr\/824907-deval-kart-9646\/\">D\u00e9val&rsquo;kart<\/a><br \/><a href=\"https:\/\/www.regiondentsdumidi.ch\/fr\/5314185-morgins-chemin-des-planetes-16511\/\">Chemin des plan\u00e8tes<\/a><\/p><p><a href=\"https:\/\/www.regiondentsdumidi.ch\/fr\/824940-chasse-a-l-arc-9652\/\">Tir \u00e0 l&rsquo;arc<\/a><\/p><p><a href=\"https:\/\/www.regiondentsdumidi.ch\/fr\/841521-tir-aux-pigeons-9972\/\">Tir aux pigeons<\/a><\/p><p><a href=\"https:\/\/www.regiondentsdumidi.ch\/fr\/5579391-centre-sportif-morgins-17365\/\">Centre sportif<\/a><\/p>\t\t\t\t\t\t<\/div>\n\t\t\t\t<\/div>\n\t\t\t\t\t<\/div>\n\t\t<\/div>\n\t\t\t\t<div class=\"elementor-column elementor-col-25 elementor-top-column elementor-element elementor-element-42357e3\" data-id=\"42357e3\" data-element_type=\"column\">\n\t\t\t<div class=\"elementor-widget-wrap elementor-element-populated\">\n\t\t\t\t\t\t\t\t<div class=\"elementor-element elementor-element-b1dc4e7 elementor-view-default elementor-widget elementor-widget-icon\" data-id=\"b1dc4e7\" data-element_type=\"widget\" data-widget_type=\"icon.default\">\n\t\t\t\t<div class=\"elementor-widget-container\">\n\t\t\t\t\t<div class=\"elementor-icon-wrapper\">\n\t\t\t<div class=\"elementor-icon\">\n\t\t\t<i aria-hidden=\"true\" class=\"fas fa-mountain\"><\/i>\t\t\t<\/div>\n\t\t<\/div>\n\t\t\t\t<\/div>\n\t\t\t\t<\/div>\n\t\t\t\t<div class=\"elementor-element elementor-element-51712d1 elementor-widget elementor-widget-text-editor\" data-id=\"51712d1\" data-element_type=\"widget\" data-widget_type=\"text-editor.default\">\n\t\t\t\t<div class=\"elementor-widget-container\">\n\t\t\t\t\t\t\t<p><strong>Champ\u00e9ry<\/strong><\/p><p><a href=\"https:\/\/www.regiondentsdumidi.ch\/fr\/591841-galerie-defago-7093\/\">Gal\u00e9rie Defago<\/a><\/p><p><a href=\"https:\/\/www.regiondentsdumidi.ch\/fr\/a-faire\/ete-automne\/sensations-fortes\/escalade-via-ferrata-22713\/\">Via ferrata<\/a><\/p><p><a href=\"https:\/\/www.regiondentsdumidi.ch\/fr\/540927-palladium-de-champery-5015\/\">Le palladium<\/a><\/p><p>\u00a0<\/p>\t\t\t\t\t\t<\/div>\n\t\t\t\t<\/div>\n\t\t\t\t\t<\/div>\n\t\t<\/div>\n\t\t\t\t<div class=\"elementor-column elementor-col-25 elementor-top-column elementor-element elementor-element-eedb272\" data-id=\"eedb272\" data-element_type=\"column\">\n\t\t\t<div class=\"elementor-widget-wrap elementor-element-populated\">\n\t\t\t\t\t\t\t\t<div class=\"elementor-element elementor-element-280fcf9 elementor-view-default elementor-widget elementor-widget-icon\" data-id=\"280fcf9\" data-element_type=\"widget\" data-widget_type=\"icon.default\">\n\t\t\t\t<div class=\"elementor-widget-container\">\n\t\t\t\t\t<div class=\"elementor-icon-wrapper\">\n\t\t\t<div class=\"elementor-icon\">\n\t\t\t<i aria-hidden=\"true\" class=\"fas fa-archway\"><\/i>\t\t\t<\/div>\n\t\t<\/div>\n\t\t\t\t<\/div>\n\t\t\t\t<\/div>\n\t\t\t\t<div class=\"elementor-element elementor-element-5c8b517 elementor-widget elementor-widget-text-editor\" data-id=\"5c8b517\" data-element_type=\"widget\" data-widget_type=\"text-editor.default\">\n\t\t\t\t<div class=\"elementor-widget-container\">\n\t\t\t\t\t\t\t<p><strong>Troistorrents<\/strong><\/p><p><a href=\"https:\/\/www.regiondentsdumidi.ch\/fr\/4873883-les-vieux-moulins-de-la-tine-13430\/\">Les vieux Moulins de la Tine<\/a><\/p><p><a href=\"https:\/\/www.regiondentsdumidi.ch\/fr\/5884540-passerelle-troistorrents-chenarlier-27410\/\">La passerelle<\/a><\/p>\t\t\t\t\t\t<\/div>\n\t\t\t\t<\/div>\n\t\t\t\t\t<\/div>\n\t\t<\/div>\n\t\t\t\t<div class=\"elementor-column elementor-col-25 elementor-top-column elementor-element elementor-element-f33f98b\" data-id=\"f33f98b\" data-element_type=\"column\">\n\t\t\t<div class=\"elementor-widget-wrap elementor-element-populated\">\n\t\t\t\t\t\t\t\t<div class=\"elementor-element elementor-element-09b56a6 elementor-view-default elementor-widget elementor-widget-icon\" data-id=\"09b56a6\" data-element_type=\"widget\" data-widget_type=\"icon.default\">\n\t\t\t\t<div class=\"elementor-widget-container\">\n\t\t\t\t\t<div class=\"elementor-icon-wrapper\">\n\t\t\t<div class=\"elementor-icon\">\n\t\t\t<i aria-hidden=\"true\" class=\"fas fa-tree\"><\/i>\t\t\t<\/div>\n\t\t<\/div>\n\t\t\t\t<\/div>\n\t\t\t\t<\/div>\n\t\t\t\t<div class=\"elementor-element elementor-element-3f7376d elementor-widget elementor-widget-text-editor\" data-id=\"3f7376d\" data-element_type=\"widget\" data-widget_type=\"text-editor.default\">\n\t\t\t\t<div class=\"elementor-widget-container\">\n\t\t\t\t\t\t\t<p><strong>Val d&rsquo;Illiez<\/strong><\/p><p><a href=\"https:\/\/www.regiondentsdumidi.ch\/fr\/653838-point-sud-parc-aventure-7915\/\">Accrobranche Point Sud<\/a><\/p><p><a href=\"https:\/\/www.regiondentsdumidi.ch\/fr\/541788-vol-biplace-en-parapente-5154\/\">Vol en parapente<\/a><\/p>\t\t\t\t\t\t<\/div>\n\t\t\t\t<\/div>\n\t\t\t\t\t<\/div>\n\t\t<\/div>\n\t\t\t\t\t\t\t<\/div>\n\t\t<\/section>\n\t\t\t\t<section class=\"elementor-section elementor-top-section elementor-element elementor-element-79d34d7b elementor-section-content-middle elementor-section-full_width elementor-section-stretched elementor-section-height-default elementor-section-height-default\" data-id=\"79d34d7b\" data-element_type=\"section\" data-settings=\"{&quot;background_background&quot;:&quot;classic&quot;,&quot;stretch_section&quot;:&quot;section-stretched&quot;,&quot;animation&quot;:&quot;none&quot;}\">\n\t\t\t\t\t\t\t<div class=\"elementor-background-overlay\"><\/div>\n\t\t\t\t\t\t\t<div class=\"elementor-container elementor-column-gap-narrow\">\n\t\t\t\t\t<div class=\"elementor-column elementor-col-100 elementor-top-column elementor-element elementor-element-78f02425\" data-id=\"78f02425\" data-element_type=\"column\">\n\t\t\t<div class=\"elementor-widget-wrap elementor-element-populated\">\n\t\t\t\t\t\t\t\t<div class=\"elementor-element elementor-element-464a2a5e elementor-widget elementor-widget-heading\" data-id=\"464a2a5e\" data-element_type=\"widget\" data-widget_type=\"heading.default\">\n\t\t\t\t<div class=\"elementor-widget-container\">\n\t\t\t<h4 class=\"elementor-heading-title elementor-size-default\">La r\u00e9gion l'\u00e9t\u00e9<\/h4>\t\t<\/div>\n\t\t\t\t<\/div>\n\t\t\t\t<div class=\"elementor-element elementor-element-67e41c09 elementor-widget__width-initial elementor-widget elementor-widget-text-editor\" data-id=\"67e41c09\" data-element_type=\"widget\" data-widget_type=\"text-editor.default\">\n\t\t\t\t<div class=\"elementor-widget-container\">\n\t\t\t\t\t\t\t<p>Les randonn\u00e9es dans la R\u00e9gion Dents du midi ne manquent pas. Pour les amateurs de v\u00e9los de descente, plusieurs trac\u00e9s sont \u00e0 tester. Pour d\u00e9couvrir la r\u00e9gion d\u2019une mani\u00e8re plus tranquille, divers magasins de la station proposent des E-bikes en location. Vous pourrez aussi associer randonn\u00e9es p\u00e9destres et remont\u00e9es m\u00e9caniques pour d\u00e9couvrir le domaine des Portes du Soleil. Au fil des sentiers, profitez de l&rsquo;accueil des nombreuses buvettes d\u2019alpage qui font partie de la culture et des traditions locale : d\u00e9guster une cro\u00fbte royale \u00e0 la buvette de Savolaire, savourer les brochettes du Ferrage, manger sous un air folklorique \u00e0 la Tovassi\u00e8res ou d\u00e9couvrir les divers ateliers \u00ab\u00a0saveurs et d\u00e9couvertes\u00a0\u00bb au g\u00eete d&rsquo;alpage de la Chaux. Si vous souhaitez prendre encore de la hauteur, le coucher de soleil \u00e0 la pointe de Bellevue vous fera vivre une exp\u00e9rience unique et inoubliable.\u00a0<\/p>\t\t\t\t\t\t<\/div>\n\t\t\t\t<\/div>\n\t\t\t\t<div class=\"elementor-element elementor-element-7ae1fc9 elementor-button-info elementor-widget elementor-widget-button\" data-id=\"7ae1fc9\" data-element_type=\"widget\" data-widget_type=\"button.default\">\n\t\t\t\t<div class=\"elementor-widget-container\">\n\t\t\t\t\t<div class=\"elementor-button-wrapper\">\n\t\t\t<a href=\"https:\/\/www.regiondentsdumidi.ch\/fr\/a-faire\/nos-incontournables\/nos-incontournables-de-l-ete\/multi-pass-19387\/\" class=\"elementor-button-link elementor-button elementor-size-md\" role=\"button\">\n\t\t\t\t\t\t<span class=\"elementor-button-content-wrapper\">\n\t\t\t\t\t\t<span class=\"elementor-button-icon elementor-align-icon-left\">\n\t\t\t\t<i aria-hidden=\"true\" class=\"fas fa-biking\"><\/i>\t\t\t<\/span>\n\t\t\t\t\t\t<span class=\"elementor-button-text\">Multi Pass<\/span>\n\t\t<\/span>\n\t\t\t\t\t<\/a>\n\t\t<\/div>\n\t\t\t\t<\/div>\n\t\t\t\t<\/div>\n\t\t\t\t\t<\/div>\n\t\t<\/div>\n\t\t\t\t\t\t\t<\/div>\n\t\t<\/section>\n\t\t\t\t<section class=\"elementor-section elementor-top-section elementor-element elementor-element-667bce0 elementor-section-boxed elementor-section-height-default elementor-section-height-default\" data-id=\"667bce0\" data-element_type=\"section\">\n\t\t\t\t\t\t<div class=\"elementor-container elementor-column-gap-default\">\n\t\t\t\t\t<div class=\"elementor-column elementor-col-100 elementor-top-column elementor-element elementor-element-04c4486\" data-id=\"04c4486\" data-element_type=\"column\">\n\t\t\t<div class=\"elementor-widget-wrap elementor-element-populated\">\n\t\t\t\t\t\t\t\t<div class=\"elementor-element elementor-element-0e03f9c elementor-widget elementor-widget-heading\" data-id=\"0e03f9c\" data-element_type=\"widget\" data-settings=\"{&quot;_animation&quot;:&quot;none&quot;}\" data-widget_type=\"heading.default\">\n\t\t\t\t<div class=\"elementor-widget-container\">\n\t\t\t<h2 class=\"elementor-heading-title elementor-size-default\">Un peu plus loin ...<\/h2>\t\t<\/div>\n\t\t\t\t<\/div>\n\t\t\t\t\t<\/div>\n\t\t<\/div>\n\t\t\t\t\t\t\t<\/div>\n\t\t<\/section>\n\t\t\t\t<section class=\"elementor-section elementor-top-section elementor-element elementor-element-cfa0983 elementor-section-boxed elementor-section-height-default elementor-section-height-default\" data-id=\"cfa0983\" data-element_type=\"section\">\n\t\t\t\t\t\t<div class=\"elementor-container elementor-column-gap-default\">\n\t\t\t\t\t<div class=\"elementor-column elementor-col-33 elementor-top-column elementor-element elementor-element-1223537\" data-id=\"1223537\" data-element_type=\"column\">\n\t\t\t<div class=\"elementor-widget-wrap elementor-element-populated\">\n\t\t\t\t\t\t\t\t<div class=\"elementor-element elementor-element-7e3d16c elementor-view-default elementor-widget elementor-widget-icon\" data-id=\"7e3d16c\" data-element_type=\"widget\" data-widget_type=\"icon.default\">\n\t\t\t\t<div class=\"elementor-widget-container\">\n\t\t\t\t\t<div class=\"elementor-icon-wrapper\">\n\t\t\t<a class=\"elementor-icon\" href=\"https:\/\/www.bains-lavey.ch\/fr\/?gclid=EAIaIQobChMIwra72Jik9AIVje3tCh1Irw2LEAAYASAAEgKKdPD_BwE\">\n\t\t\t<i aria-hidden=\"true\" class=\"fas fa-swimming-pool\"><\/i>\t\t\t<\/a>\n\t\t<\/div>\n\t\t\t\t<\/div>\n\t\t\t\t<\/div>\n\t\t\t\t<div class=\"elementor-element elementor-element-3f6ad8f elementor-widget elementor-widget-text-editor\" data-id=\"3f6ad8f\" data-element_type=\"widget\" data-widget_type=\"text-editor.default\">\n\t\t\t\t<div class=\"elementor-widget-container\">\n\t\t\t\t\t\t\t<p><strong>Bains de Lavey<\/strong><\/p><p>Spa avec piscines ext\u00e9rieures chauff\u00e9es, bain \u00e0 remous, restaurants, soins de beaut\u00e9 et massages<\/p>\t\t\t\t\t\t<\/div>\n\t\t\t\t<\/div>\n\t\t\t\t\t<\/div>\n\t\t<\/div>\n\t\t\t\t<div class=\"elementor-column elementor-col-33 elementor-top-column elementor-element elementor-element-93d89a9\" data-id=\"93d89a9\" data-element_type=\"column\">\n\t\t\t<div class=\"elementor-widget-wrap elementor-element-populated\">\n\t\t\t\t\t\t\t\t<div class=\"elementor-element elementor-element-db0c5a4 elementor-view-default elementor-widget elementor-widget-icon\" data-id=\"db0c5a4\" data-element_type=\"widget\" data-widget_type=\"icon.default\">\n\t\t\t\t<div class=\"elementor-widget-container\">\n\t\t\t\t\t<div class=\"elementor-icon-wrapper\">\n\t\t\t<a class=\"elementor-icon\" href=\"https:\/\/www.salz.ch\/fr\/decouvrir-le-sel\/mines-de-sel-de-bex\">\n\t\t\t<i aria-hidden=\"true\" class=\"fas fa-trailer\"><\/i>\t\t\t<\/a>\n\t\t<\/div>\n\t\t\t\t<\/div>\n\t\t\t\t<\/div>\n\t\t\t\t<div class=\"elementor-element elementor-element-5f2f901 elementor-widget elementor-widget-text-editor\" data-id=\"5f2f901\" data-element_type=\"widget\" data-widget_type=\"text-editor.default\">\n\t\t\t\t<div class=\"elementor-widget-container\">\n\t\t\t\t\t\t\t<p><strong>Mines de Sel de Bex<\/strong><\/p><p>Visites et balades en petit train sous les Alpes, dans des cavernes et des tunnels miniers en partie inond\u00e9s \u00e9clair\u00e9s de lanternes.<\/p>\t\t\t\t\t\t<\/div>\n\t\t\t\t<\/div>\n\t\t\t\t\t<\/div>\n\t\t<\/div>\n\t\t\t\t<div class=\"elementor-column elementor-col-33 elementor-top-column elementor-element elementor-element-d5e686a\" data-id=\"d5e686a\" data-element_type=\"column\">\n\t\t\t<div class=\"elementor-widget-wrap elementor-element-populated\">\n\t\t\t\t\t\t\t\t<div class=\"elementor-element elementor-element-e3400ec elementor-view-default elementor-widget elementor-widget-icon\" data-id=\"e3400ec\" data-element_type=\"widget\" data-widget_type=\"icon.default\">\n\t\t\t\t<div class=\"elementor-widget-container\">\n\t\t\t\t\t<div class=\"elementor-icon-wrapper\">\n\t\t\t<a class=\"elementor-icon\" href=\"https:\/\/swissvapeur.ch\/\">\n\t\t\t<i aria-hidden=\"true\" class=\"fas fa-train\"><\/i>\t\t\t<\/a>\n\t\t<\/div>\n\t\t\t\t<\/div>\n\t\t\t\t<\/div>\n\t\t\t\t<div class=\"elementor-element elementor-element-66077bf elementor-widget elementor-widget-text-editor\" data-id=\"66077bf\" data-element_type=\"widget\" data-widget_type=\"text-editor.default\">\n\t\t\t\t<div class=\"elementor-widget-container\">\n\t\t\t\t\t\t\t<p><strong>Swiss vapeur parc<\/strong><\/p><p>Le Swiss Vapeur Parc est un parc ferroviaire de miniatures de 19 567 m\u00e8tres carr\u00e9s. Le Parc expose des mod\u00e8les r\u00e9duits de locomotives \u00e9quip\u00e9es de v\u00e9ritables moteurs.<\/p>\t\t\t\t\t\t<\/div>\n\t\t\t\t<\/div>\n\t\t\t\t\t<\/div>\n\t\t<\/div>\n\t\t\t\t\t\t\t<\/div>\n\t\t<\/section>\n\t\t\t\t<section class=\"elementor-section elementor-top-section elementor-element elementor-element-71d4035 elementor-section-boxed elementor-section-height-default elementor-section-height-default\" data-id=\"71d4035\" data-element_type=\"section\">\n\t\t\t\t\t\t<div class=\"elementor-container elementor-column-gap-default\">\n\t\t\t\t\t<div class=\"elementor-column elementor-col-100 elementor-top-column elementor-element elementor-element-9ef01b4\" data-id=\"9ef01b4\" data-element_type=\"column\">\n\t\t\t<div class=\"elementor-widget-wrap elementor-element-populated\">\n\t\t\t\t\t\t\t\t<div class=\"elementor-element elementor-element-42e5ef5 elementor-widget elementor-widget-spacer\" data-id=\"42e5ef5\" data-element_type=\"widget\" data-widget_type=\"spacer.default\">\n\t\t\t\t<div class=\"elementor-widget-container\">\n\t\t\t\t\t<div class=\"elementor-spacer\">\n\t\t\t<div class=\"elementor-spacer-inner\"><\/div>\n\t\t<\/div>\n\t\t\t\t<\/div>\n\t\t\t\t<\/div>\n\t\t\t\t\t<\/div>\n\t\t<\/div>\n\t\t\t\t\t\t\t<\/div>\n\t\t<\/section>\n\t\t\t\t<section class=\"elementor-section elementor-top-section elementor-element elementor-element-6d19c76 elementor-section-boxed elementor-section-height-default elementor-section-height-default\" data-id=\"6d19c76\" data-element_type=\"section\">\n\t\t\t\t\t\t<div class=\"elementor-container elementor-column-gap-default\">\n\t\t\t\t\t<div class=\"elementor-column elementor-col-100 elementor-top-column elementor-element elementor-element-e267ad9\" data-id=\"e267ad9\" data-element_type=\"column\">\n\t\t\t<div class=\"elementor-widget-wrap elementor-element-populated\">\n\t\t\t\t\t\t\t\t<div class=\"elementor-element elementor-element-8657f71 elementor-widget elementor-widget-spacer\" data-id=\"8657f71\" data-element_type=\"widget\" data-widget_type=\"spacer.default\">\n\t\t\t\t<div class=\"elementor-widget-container\">\n\t\t\t\t\t<div class=\"elementor-spacer\">\n\t\t\t<div class=\"elementor-spacer-inner\"><\/div>\n\t\t<\/div>\n\t\t\t\t<\/div>\n\t\t\t\t<\/div>\n\t\t\t\t\t<\/div>\n\t\t<\/div>\n\t\t\t\t\t\t\t<\/div>\n\t\t<\/section>\n\t\t\t\t<section class=\"elementor-section elementor-top-section elementor-element elementor-element-43b5cbd elementor-section-boxed elementor-section-height-default elementor-section-height-default\" data-id=\"43b5cbd\" data-element_type=\"section\">\n\t\t\t\t\t\t<div class=\"elementor-container elementor-column-gap-default\">\n\t\t\t\t\t<div class=\"elementor-column elementor-col-33 elementor-top-column elementor-element elementor-element-34146cd\" data-id=\"34146cd\" data-element_type=\"column\">\n\t\t\t<div class=\"elementor-widget-wrap elementor-element-populated\">\n\t\t\t\t\t\t\t\t<div class=\"elementor-element elementor-element-b5b3a12 elementor-view-default elementor-widget elementor-widget-icon\" data-id=\"b5b3a12\" data-element_type=\"widget\" data-widget_type=\"icon.default\">\n\t\t\t\t<div class=\"elementor-widget-container\">\n\t\t\t\t\t<div class=\"elementor-icon-wrapper\">\n\t\t\t<a class=\"elementor-icon\" href=\"https:\/\/www.labyrinthe.ch\/\">\n\t\t\t<i aria-hidden=\"true\" class=\"fas fa-border-none\"><\/i>\t\t\t<\/a>\n\t\t<\/div>\n\t\t\t\t<\/div>\n\t\t\t\t<\/div>\n\t\t\t\t<div class=\"elementor-element elementor-element-15da343 elementor-widget elementor-widget-text-editor\" data-id=\"15da343\" data-element_type=\"widget\" data-widget_type=\"text-editor.default\">\n\t\t\t\t<div class=\"elementor-widget-container\">\n\t\t\t\t\t\t\t<p><strong>Labyrinthe aventure<\/strong><\/p><p>Espace ludique avec un immense labyrinthe, structures gonflables, toboggans et jeux d&rsquo;int\u00e9rieur, dont un espace \u00ab\u00a0air hockey\u00a0\u00bb<\/p>\t\t\t\t\t\t<\/div>\n\t\t\t\t<\/div>\n\t\t\t\t\t<\/div>\n\t\t<\/div>\n\t\t\t\t<div class=\"elementor-column elementor-col-33 elementor-top-column elementor-element elementor-element-9802ebd\" data-id=\"9802ebd\" data-element_type=\"column\">\n\t\t\t<div class=\"elementor-widget-wrap elementor-element-populated\">\n\t\t\t\t\t\t\t\t<div class=\"elementor-element elementor-element-1f86112 elementor-view-default elementor-widget elementor-widget-icon\" data-id=\"1f86112\" data-element_type=\"widget\" data-widget_type=\"icon.default\">\n\t\t\t\t<div class=\"elementor-widget-container\">\n\t\t\t\t\t<div class=\"elementor-icon-wrapper\">\n\t\t\t<a class=\"elementor-icon\" href=\"https:\/\/www.aquaparc.ch\/\">\n\t\t\t<i aria-hidden=\"true\" class=\"fas fa-anchor\"><\/i>\t\t\t<\/a>\n\t\t<\/div>\n\t\t\t\t<\/div>\n\t\t\t\t<\/div>\n\t\t\t\t<div class=\"elementor-element elementor-element-db3beeb elementor-widget elementor-widget-text-editor\" data-id=\"db3beeb\" data-element_type=\"widget\" data-widget_type=\"text-editor.default\">\n\t\t\t\t<div class=\"elementor-widget-container\">\n\t\t\t\t\t\t\t<p><strong>Aquaparc<\/strong><\/p><p>Aquaparc est le parc d&rsquo;attraction aquatique dans le Valais en Suisse. Profitez en famille de ses attractions int\u00e9rieures et ext\u00e9rieures !<\/p>\t\t\t\t\t\t<\/div>\n\t\t\t\t<\/div>\n\t\t\t\t\t<\/div>\n\t\t<\/div>\n\t\t\t\t<div class=\"elementor-column elementor-col-33 elementor-top-column elementor-element elementor-element-92846e7\" data-id=\"92846e7\" data-element_type=\"column\">\n\t\t\t<div class=\"elementor-widget-wrap elementor-element-populated\">\n\t\t\t\t\t\t\t\t<div class=\"elementor-element elementor-element-72fcf5d elementor-view-default elementor-widget elementor-widget-icon\" data-id=\"72fcf5d\" data-element_type=\"widget\" data-widget_type=\"icon.default\">\n\t\t\t\t<div class=\"elementor-widget-container\">\n\t\t\t\t\t<div class=\"elementor-icon-wrapper\">\n\t\t\t<a class=\"elementor-icon\" href=\"http:\/\/www.western-city.ch\/\">\n\t\t\t<i aria-hidden=\"true\" class=\"fas fa-hat-cowboy-side\"><\/i>\t\t\t<\/a>\n\t\t<\/div>\n\t\t\t\t<\/div>\n\t\t\t\t<\/div>\n\t\t\t\t<div class=\"elementor-element elementor-element-1c04f3a elementor-widget elementor-widget-text-editor\" data-id=\"1c04f3a\" data-element_type=\"widget\" data-widget_type=\"text-editor.default\">\n\t\t\t\t<div class=\"elementor-widget-container\">\n\t\t\t\t\t\t\t<p><strong>Western City<\/strong><\/p>\n<p>Western City r\u00e9serve de nombreuses animations g\u00e9antes pour jeunes et moins jeunes. Loin de tout objet \u00e9lectronique ou connect\u00e9, on renoue avec l\u2019esprit des cow-boys et des indiens !<\/p>\t\t\t\t\t\t<\/div>\n\t\t\t\t<\/div>\n\t\t\t\t\t<\/div>\n\t\t<\/div>\n\t\t\t\t\t\t\t<\/div>\n\t\t<\/section>\n\t\t\t\t<section class=\"elementor-section elementor-top-section elementor-element elementor-element-800c3b6 elementor-section-boxed elementor-section-height-default elementor-section-height-default\" data-id=\"800c3b6\" data-element_type=\"section\">\n\t\t\t\t\t\t<div class=\"elementor-container elementor-column-gap-default\">\n\t\t\t\t\t<div class=\"elementor-column elementor-col-100 elementor-top-column elementor-element elementor-element-75eef47\" data-id=\"75eef47\" data-element_type=\"column\">\n\t\t\t<div class=\"elementor-widget-wrap elementor-element-populated\">\n\t\t\t\t\t\t\t\t<div class=\"elementor-element elementor-element-dc40f05 elementor-widget elementor-widget-spacer\" data-id=\"dc40f05\" data-element_type=\"widget\" data-widget_type=\"spacer.default\">\n\t\t\t\t<div class=\"elementor-widget-container\">\n\t\t\t\t\t<div class=\"elementor-spacer\">\n\t\t\t<div class=\"elementor-spacer-inner\"><\/div>\n\t\t<\/div>\n\t\t\t\t<\/div>\n\t\t\t\t<\/div>\n\t\t\t\t\t<\/div>\n\t\t<\/div>\n\t\t\t\t\t\t\t<\/div>\n\t\t<\/section>\n\t\t\t\t<section class=\"elementor-section elementor-top-section elementor-element elementor-element-c5eceda elementor-section-stretched elementor-section-boxed elementor-section-height-default elementor-section-height-default\" data-id=\"c5eceda\" data-element_type=\"section\" data-settings=\"{&quot;stretch_section&quot;:&quot;section-stretched&quot;}\">\n\t\t\t\t\t\t<div class=\"elementor-container elementor-column-gap-custom\">\n\t\t\t\t\t<div class=\"elementor-column elementor-col-100 elementor-top-column elementor-element elementor-element-6759adf\" data-id=\"6759adf\" data-element_type=\"column\">\n\t\t\t<div class=\"elementor-widget-wrap elementor-element-populated\">\n\t\t\t\t\t\t\t\t<div class=\"elementor-element elementor-element-1fb6257 elementor-widget elementor-widget-heading\" data-id=\"1fb6257\" data-element_type=\"widget\" data-widget_type=\"heading.default\">\n\t\t\t\t<div class=\"elementor-widget-container\">\n\t\t\t<h2 class=\"elementor-heading-title elementor-size-default\">Restaurants, cantines & bars<\/h2>\t\t<\/div>\n\t\t\t\t<\/div>\n\t\t\t\t\t<\/div>\n\t\t<\/div>\n\t\t\t\t\t\t\t<\/div>\n\t\t<\/section>\n\t\t\t\t<section class=\"elementor-section elementor-top-section elementor-element elementor-element-c4743d7 elementor-section-stretched elementor-section-boxed elementor-section-height-default elementor-section-height-default\" data-id=\"c4743d7\" data-element_type=\"section\" data-settings=\"{&quot;stretch_section&quot;:&quot;section-stretched&quot;,&quot;background_background&quot;:&quot;classic&quot;}\">\n\t\t\t\t\t\t\t<div class=\"elementor-background-overlay\"><\/div>\n\t\t\t\t\t\t\t<div class=\"elementor-container elementor-column-gap-default\">\n\t\t\t\t\t<div class=\"elementor-column elementor-col-33 elementor-top-column elementor-element elementor-element-722cfb5\" data-id=\"722cfb5\" data-element_type=\"column\">\n\t\t\t<div class=\"elementor-widget-wrap elementor-element-populated\">\n\t\t\t\t\t\t\t\t<div class=\"elementor-element elementor-element-a45e624 elementor-view-default elementor-widget elementor-widget-icon\" data-id=\"a45e624\" data-element_type=\"widget\" data-widget_type=\"icon.default\">\n\t\t\t\t<div class=\"elementor-widget-container\">\n\t\t\t\t\t<div class=\"elementor-icon-wrapper\">\n\t\t\t<div class=\"elementor-icon\">\n\t\t\t<i aria-hidden=\"true\" class=\"fas fa-pizza-slice\"><\/i>\t\t\t<\/div>\n\t\t<\/div>\n\t\t\t\t<\/div>\n\t\t\t\t<\/div>\n\t\t\t\t<div class=\"elementor-element elementor-element-86bd346 elementor-widget elementor-widget-text-editor\" data-id=\"86bd346\" data-element_type=\"widget\" data-widget_type=\"text-editor.default\">\n\t\t\t\t<div class=\"elementor-widget-container\">\n\t\t\t\t\t\t\t<p><strong>Restaurants<\/strong><\/p><p><em><strong>Au coeur du village de Morgins :<\/strong><\/em><\/p><p><a href=\"https:\/\/www.fontaines-blanches.ch\/\">Les Fontaines Blanches<\/a><\/p><p><a href=\"https:\/\/www.facebook.com\/meathicgrill\/\">Meat&rsquo;hic Grill<\/a><\/p><p><a href=\"https:\/\/www.regiondentsdumidi.ch\/fr\/802114-c-la-pizzeria-9544\/\">C-l\u00e0 Pizzeria<\/a><\/p><p><a href=\"https:\/\/www.regiondentsdumidi.ch\/fr\/853339-restaurant-centre-sportif-morgins-10302\/\">Restaurant du Centre sportif<\/a><\/p><p><a href=\"https:\/\/divins.ch\/\">Le Di.Vins<\/a><\/p><p><a href=\"https:\/\/www.regiondentsdumidi.ch\/fr\/5125836-la-pive-cafe-restaurant-16131\/\">La Pive Caf\u00e9 Restaurant<\/a><\/p>\t\t\t\t\t\t<\/div>\n\t\t\t\t<\/div>\n\t\t\t\t\t<\/div>\n\t\t<\/div>\n\t\t\t\t<div class=\"elementor-column elementor-col-33 elementor-top-column elementor-element elementor-element-4a2383f\" data-id=\"4a2383f\" data-element_type=\"column\">\n\t\t\t<div class=\"elementor-widget-wrap elementor-element-populated\">\n\t\t\t\t\t\t\t\t<div class=\"elementor-element elementor-element-69f87c4 elementor-view-default elementor-widget elementor-widget-icon\" data-id=\"69f87c4\" data-element_type=\"widget\" data-widget_type=\"icon.default\">\n\t\t\t\t<div class=\"elementor-widget-container\">\n\t\t\t\t\t<div class=\"elementor-icon-wrapper\">\n\t\t\t<div class=\"elementor-icon\">\n\t\t\t<i aria-hidden=\"true\" class=\"fas fa-coffee\"><\/i>\t\t\t<\/div>\n\t\t<\/div>\n\t\t\t\t<\/div>\n\t\t\t\t<\/div>\n\t\t\t\t<div class=\"elementor-element elementor-element-e865fe0 elementor-widget elementor-widget-text-editor\" data-id=\"e865fe0\" data-element_type=\"widget\" data-widget_type=\"text-editor.default\">\n\t\t\t\t<div class=\"elementor-widget-container\">\n\t\t\t\t\t\t\t<p><strong>Cantines<\/strong><\/p><p><a href=\"http:\/\/www.la-chaux.ch\">G\u00eete Alpage la Chaux<\/a><\/p><p><a href=\"https:\/\/www.regiondentsdumidi.ch\/fr\/856430-buvette-de-savolaire-10413\/\">Buvette de Savolaire<\/a><\/p><p><a href=\"http:\/\/www.uyeutsale.ch\/\">\u00dc Ye\u00fc tsal\u00e9 1808<\/a><\/p><p><a href=\"https:\/\/www.la-o.ch\/\">L\u00e0 \u00d4<\/a><\/p><p><a href=\"http:\/\/www.leferrage.ch\/\">Le Ferrage<\/a><\/p><p><a href=\"https:\/\/www.chezgaby1670.ch\/\">Chez Gaby 1670<\/a><\/p><p><a href=\"https:\/\/thiesaz.ch\/\">Le Relais<\/a><\/p><p><a href=\"https:\/\/www.regiondentsdumidi.ch\/fr\/396354-cantine-sur-coux-627\/\">Chalet sur Coux<\/a><\/p>\t\t\t\t\t\t<\/div>\n\t\t\t\t<\/div>\n\t\t\t\t\t<\/div>\n\t\t<\/div>\n\t\t\t\t<div class=\"elementor-column elementor-col-33 elementor-top-column elementor-element elementor-element-abb22b2\" data-id=\"abb22b2\" data-element_type=\"column\">\n\t\t\t<div class=\"elementor-widget-wrap elementor-element-populated\">\n\t\t\t\t\t\t\t\t<div class=\"elementor-element elementor-element-1418789 elementor-view-default elementor-widget elementor-widget-icon\" data-id=\"1418789\" data-element_type=\"widget\" data-widget_type=\"icon.default\">\n\t\t\t\t<div class=\"elementor-widget-container\">\n\t\t\t\t\t<div class=\"elementor-icon-wrapper\">\n\t\t\t<div class=\"elementor-icon\">\n\t\t\t<i aria-hidden=\"true\" class=\"fas fa-cocktail\"><\/i>\t\t\t<\/div>\n\t\t<\/div>\n\t\t\t\t<\/div>\n\t\t\t\t<\/div>\n\t\t\t\t<div class=\"elementor-element elementor-element-c8aa274 elementor-widget elementor-widget-text-editor\" data-id=\"c8aa274\" data-element_type=\"widget\" data-widget_type=\"text-editor.default\">\n\t\t\t\t<div class=\"elementor-widget-container\">\n\t\t\t\t\t\t\t<p><strong>Bars<\/strong><\/p><p><a href=\"https:\/\/www.regiondentsdumidi.ch\/fr\/810452-t-bar-9551\/\">T-Bar<\/a><\/p><p><a href=\"https:\/\/www.regiondentsdumidi.ch\/fr\/5938897-t-bacchus-34792\/\">T-bacchus<\/a><\/p><p><a href=\"https:\/\/7peaksbrasserie.ch\/\">Le 7Peaks<\/a><\/p><p><a href=\"https:\/\/www.regiondentsdumidi.ch\/fr\/5859652-new-crystal-bar-25954\/\">Le Crystal Bar<\/a><\/p><p><a href=\"https:\/\/www.facebook.com\/kuhstall1875\/\">Kuhstall apr\u00e8s-ski<\/a><\/p><p><a href=\"https:\/\/www.regiondentsdumidi.ch\/fr\/898816-saf-club-11120\/\">SAF Discoth\u00e8que<\/a><\/p>\t\t\t\t\t\t<\/div>\n\t\t\t\t<\/div>\n\t\t\t\t\t<\/div>\n\t\t<\/div>\n\t\t\t\t\t\t\t<\/div>\n\t\t<\/section>\n\t\t\t\t\t\t<\/div>\n\t\t\t\t\t<\/div>\n\t\t","protected":false},"excerpt":{"rendered":"<p>La r\u00e9gion l&rsquo;hiver Ces appartements sont id\u00e9alement situ\u00e9s au coeur du domaine skiable des Portes &#8230; <\/p>\n<div class=\"text-center\"><a class=\"theme-btn\" href=\"https:\/\/demo.lemansec.ch\/hameau\/activites\/\">Read More<\/a><\/div>\n","protected":false},"author":1,"featured_media":0,"parent":0,"menu_order":0,"comment_status":"closed","ping_status":"closed","template":"","meta":{"spay_email":"","footnotes":""},"class_list":["post-129","page","type-page","status-publish","hentry"],"yoast_head":"<!-- This site is optimized with the Yoast SEO plugin v28.4 - https:\/\/yoast.com\/product\/yoast-seo-wordpress\/ -->\n<title>Les activit\u00e9s - Chemin du Hameau<\/title>\n<meta name=\"robots\" content=\"index, follow, max-snippet:-1, max-image-preview:large, max-video-preview:-1\" \/>\n<link rel=\"canonical\" href=\"https:\/\/demo.lemansec.ch\/hameau\/activites\/\" \/>\n<meta property=\"og:locale\" content=\"fr_FR\" \/>\n<meta property=\"og:type\" content=\"article\" \/>\n<meta property=\"og:title\" content=\"Les activit\u00e9s - Chemin du Hameau\" \/>\n<meta property=\"og:description\" content=\"La r\u00e9gion l&rsquo;hiver Ces appartements sont id\u00e9alement situ\u00e9s au coeur du domaine skiable des Portes ... Read More\" \/>\n<meta property=\"og:url\" content=\"https:\/\/demo.lemansec.ch\/hameau\/activites\/\" \/>\n<meta property=\"og:site_name\" content=\"Chemin du Hameau\" \/>\n<meta property=\"article:modified_time\" content=\"2021-12-16T12:24:48+00:00\" \/>\n<meta name=\"twitter:card\" content=\"summary_large_image\" \/>\n<meta name=\"twitter:label1\" content=\"Dur\u00e9e de lecture estim\u00e9e\" \/>\n\t<meta name=\"twitter:data1\" content=\"3 minutes\" \/>\n<script type=\"application\/ld+json\" class=\"yoast-schema-graph\">{\"@context\":\"https:\\\/\\\/schema.org\",\"@graph\":[{\"@type\":\"WebPage\",\"@id\":\"https:\\\/\\\/demo.lemansec.ch\\\/hameau\\\/activites\\\/\",\"url\":\"https:\\\/\\\/demo.lemansec.ch\\\/hameau\\\/activites\\\/\",\"name\":\"Les activit\u00e9s - Chemin du Hameau\",\"isPartOf\":{\"@id\":\"https:\\\/\\\/demo.lemansec.ch\\\/hameau\\\/#website\"},\"datePublished\":\"2021-10-21T14:42:20+00:00\",\"dateModified\":\"2021-12-16T12:24:48+00:00\",\"breadcrumb\":{\"@id\":\"https:\\\/\\\/demo.lemansec.ch\\\/hameau\\\/activites\\\/#breadcrumb\"},\"inLanguage\":\"fr-FR\",\"potentialAction\":[{\"@type\":\"ReadAction\",\"target\":[\"https:\\\/\\\/demo.lemansec.ch\\\/hameau\\\/activites\\\/\"]}]},{\"@type\":\"BreadcrumbList\",\"@id\":\"https:\\\/\\\/demo.lemansec.ch\\\/hameau\\\/activites\\\/#breadcrumb\",\"itemListElement\":[{\"@type\":\"ListItem\",\"position\":1,\"name\":\"Accueil\",\"item\":\"https:\\\/\\\/demo.lemansec.ch\\\/hameau\\\/\"},{\"@type\":\"ListItem\",\"position\":2,\"name\":\"Les activit\u00e9s\"}]},{\"@type\":\"WebSite\",\"@id\":\"https:\\\/\\\/demo.lemansec.ch\\\/hameau\\\/#website\",\"url\":\"https:\\\/\\\/demo.lemansec.ch\\\/hameau\\\/\",\"name\":\"Chemin du Hameau\",\"description\":\"Appartements a louer\",\"publisher\":{\"@id\":\"https:\\\/\\\/demo.lemansec.ch\\\/hameau\\\/#organization\"},\"potentialAction\":[{\"@type\":\"SearchAction\",\"target\":{\"@type\":\"EntryPoint\",\"urlTemplate\":\"https:\\\/\\\/demo.lemansec.ch\\\/hameau\\\/?s={search_term_string}\"},\"query-input\":{\"@type\":\"PropertyValueSpecification\",\"valueRequired\":true,\"valueName\":\"search_term_string\"}}],\"inLanguage\":\"fr-FR\"},{\"@type\":\"Organization\",\"@id\":\"https:\\\/\\\/demo.lemansec.ch\\\/hameau\\\/#organization\",\"name\":\"Chemin du Hameau\",\"url\":\"https:\\\/\\\/demo.lemansec.ch\\\/hameau\\\/\",\"logo\":{\"@type\":\"ImageObject\",\"inLanguage\":\"fr-FR\",\"@id\":\"https:\\\/\\\/demo.lemansec.ch\\\/hameau\\\/#\\\/schema\\\/logo\\\/image\\\/\",\"url\":\"https:\\\/\\\/demo.lemansec.ch\\\/hameau\\\/wp-content\\\/uploads\\\/2021\\\/12\\\/cropped-MicrosoftTeams-image-1-1.png\",\"contentUrl\":\"https:\\\/\\\/demo.lemansec.ch\\\/hameau\\\/wp-content\\\/uploads\\\/2021\\\/12\\\/cropped-MicrosoftTeams-image-1-1.png\",\"width\":2734,\"height\":2000,\"caption\":\"Chemin du Hameau\"},\"image\":{\"@id\":\"https:\\\/\\\/demo.lemansec.ch\\\/hameau\\\/#\\\/schema\\\/logo\\\/image\\\/\"}}]}<\/script>\n<!-- \/ Yoast SEO plugin. -->","yoast_head_json":{"title":"Les activit\u00e9s - Chemin du Hameau","robots":{"index":"index","follow":"follow","max-snippet":"max-snippet:-1","max-image-preview":"max-image-preview:large","max-video-preview":"max-video-preview:-1"},"canonical":"https:\/\/demo.lemansec.ch\/hameau\/activites\/","og_locale":"fr_FR","og_type":"article","og_title":"Les activit\u00e9s - Chemin du Hameau","og_description":"La r\u00e9gion l&rsquo;hiver Ces appartements sont id\u00e9alement situ\u00e9s au coeur du domaine skiable des Portes ... Read More","og_url":"https:\/\/demo.lemansec.ch\/hameau\/activites\/","og_site_name":"Chemin du Hameau","article_modified_time":"2021-12-16T12:24:48+00:00","twitter_card":"summary_large_image","twitter_misc":{"Dur\u00e9e de lecture estim\u00e9e":"3 minutes"},"schema":{"@context":"https:\/\/schema.org","@graph":[{"@type":"WebPage","@id":"https:\/\/demo.lemansec.ch\/hameau\/activites\/","url":"https:\/\/demo.lemansec.ch\/hameau\/activites\/","name":"Les activit\u00e9s - Chemin du Hameau","isPartOf":{"@id":"https:\/\/demo.lemansec.ch\/hameau\/#website"},"datePublished":"2021-10-21T14:42:20+00:00","dateModified":"2021-12-16T12:24:48+00:00","breadcrumb":{"@id":"https:\/\/demo.lemansec.ch\/hameau\/activites\/#breadcrumb"},"inLanguage":"fr-FR","potentialAction":[{"@type":"ReadAction","target":["https:\/\/demo.lemansec.ch\/hameau\/activites\/"]}]},{"@type":"BreadcrumbList","@id":"https:\/\/demo.lemansec.ch\/hameau\/activites\/#breadcrumb","itemListElement":[{"@type":"ListItem","position":1,"name":"Accueil","item":"https:\/\/demo.lemansec.ch\/hameau\/"},{"@type":"ListItem","position":2,"name":"Les activit\u00e9s"}]},{"@type":"WebSite","@id":"https:\/\/demo.lemansec.ch\/hameau\/#website","url":"https:\/\/demo.lemansec.ch\/hameau\/","name":"Chemin du Hameau","description":"Appartements a louer","publisher":{"@id":"https:\/\/demo.lemansec.ch\/hameau\/#organization"},"potentialAction":[{"@type":"SearchAction","target":{"@type":"EntryPoint","urlTemplate":"https:\/\/demo.lemansec.ch\/hameau\/?s={search_term_string}"},"query-input":{"@type":"PropertyValueSpecification","valueRequired":true,"valueName":"search_term_string"}}],"inLanguage":"fr-FR"},{"@type":"Organization","@id":"https:\/\/demo.lemansec.ch\/hameau\/#organization","name":"Chemin du Hameau","url":"https:\/\/demo.lemansec.ch\/hameau\/","logo":{"@type":"ImageObject","inLanguage":"fr-FR","@id":"https:\/\/demo.lemansec.ch\/hameau\/#\/schema\/logo\/image\/","url":"https:\/\/demo.lemansec.ch\/hameau\/wp-content\/uploads\/2021\/12\/cropped-MicrosoftTeams-image-1-1.png","contentUrl":"https:\/\/demo.lemansec.ch\/hameau\/wp-content\/uploads\/2021\/12\/cropped-MicrosoftTeams-image-1-1.png","width":2734,"height":2000,"caption":"Chemin du Hameau"},"image":{"@id":"https:\/\/demo.lemansec.ch\/hameau\/#\/schema\/logo\/image\/"}}]}},"_links":{"self":[{"href":"https:\/\/demo.lemansec.ch\/hameau\/wp-json\/wp\/v2\/pages\/129","targetHints":{"allow":["GET"]}}],"collection":[{"href":"https:\/\/demo.lemansec.ch\/hameau\/wp-json\/wp\/v2\/pages"}],"about":[{"href":"https:\/\/demo.lemansec.ch\/hameau\/wp-json\/wp\/v2\/types\/page"}],"author":[{"embeddable":true,"href":"https:\/\/demo.lemansec.ch\/hameau\/wp-json\/wp\/v2\/users\/1"}],"replies":[{"embeddable":true,"href":"https:\/\/demo.lemansec.ch\/hameau\/wp-json\/wp\/v2\/comments?post=129"}],"version-history":[{"count":245,"href":"https:\/\/demo.lemansec.ch\/hameau\/wp-json\/wp\/v2\/pages\/129\/revisions"}],"predecessor-version":[{"id":815,"href":"https:\/\/demo.lemansec.ch\/hameau\/wp-json\/wp\/v2\/pages\/129\/revisions\/815"}],"wp:attachment":[{"href":"https:\/\/demo.lemansec.ch\/hameau\/wp-json\/wp\/v2\/media?parent=129"}],"curies":[{"name":"wp","href":"https:\/\/api.w.org\/{rel}","templated":true}]}}