{"id":14,"date":"2025-07-14T09:23:40","date_gmt":"2025-07-14T09:23:40","guid":{"rendered":"https:\/\/demo.lemansec.ch\/auberge-colombier.ch\/?page_id=14"},"modified":"2025-09-05T09:57:00","modified_gmt":"2025-09-05T09:57:00","slug":"accueil","status":"publish","type":"page","link":"https:\/\/demo.lemansec.ch\/auberge-colombier.ch\/","title":{"rendered":"Accueil"},"content":{"rendered":"\n<div class=\"wp-block-cover alignfull is-light hestia-clear-top-padding\" style=\"min-height:451px;aspect-ratio:unset;\"><span aria-hidden=\"true\" class=\"wp-block-cover__background has-white-background-color has-background-dim-100 has-background-dim\"><\/span><div class=\"wp-block-cover__inner-container is-layout-flow wp-block-cover-is-layout-flow\">\n<h2 class=\"wp-block-heading has-text-align-center has-text-color\" style=\"color:#3c4858\">Horaires<\/h2>\n\n\n\n<div class=\"wp-block-columns alignwide is-layout-flex wp-container-core-columns-is-layout-7387b849 wp-block-columns-is-layout-flex\">\n<div class=\"wp-block-column is-layout-flow wp-block-column-is-layout-flow\" style=\"flex-basis:25%\"><\/div>\n\n\n\n<div class=\"wp-block-column is-layout-flow wp-block-column-is-layout-flow\" style=\"flex-basis:50%\">\n<p class=\"has-medium-font-size wp-block-paragraph\">L&rsquo;auberge est ouverte 5 jours par semaine soit du Mardi au samedi ( hors feri\u00e9 ou cong\u00e9s ) de <strong>9h00<\/strong> \u00e0 <strong>23h00<\/strong><\/p>\n\n\n\n<ul class=\"wp-block-list\">\n<li class=\"has-medium-font-size\">Le service restauration est assur\u00e9 entre <strong>12h00<\/strong> et <strong>14h00<\/strong> ansi que de <strong>19h00<\/strong> \u00e0 <strong>22h00<\/strong>.<\/li>\n<\/ul>\n\n\n\n<ul class=\"wp-block-list\">\n<li class=\"has-medium-font-size\">Un service snack est disponible entre <strong>14h00<\/strong> et <strong>18h00<\/strong>.<\/li>\n<\/ul>\n\n\n\n<p class=\"has-medium-font-size wp-block-paragraph\"><mark style=\"background-color:rgba(0, 0, 0, 0)\" class=\"has-inline-color has-accent-color\"><strong>Happy Hours<\/strong><\/mark> entre <strong>18h00<\/strong> et <strong>19h00<\/strong><\/p>\n<\/div>\n\n\n\n<div class=\"wp-block-column is-layout-flow wp-block-column-is-layout-flow\" style=\"flex-basis:25%\"><\/div>\n<\/div>\n\n\n\n<hr class=\"wp-block-separator alignfull has-text-color has-accent-color has-alpha-channel-opacity has-accent-background-color has-background is-style-wide\"\/>\n\n\n\n<h2 class=\"wp-block-heading has-text-align-center\">Nos prestations et services<\/h2>\n\n\n\n<div style=\"height:40px\" aria-hidden=\"true\" class=\"wp-block-spacer\"><\/div>\n\n\n\n<div class=\"wp-block-columns container is-layout-flex wp-container-core-columns-is-layout-7387b849 wp-block-columns-is-layout-flex\">\n<div class=\"wp-block-column is-layout-flow wp-block-column-is-layout-flow\"><div class=\"wp-block-image\">\n<figure class=\"aligncenter size-full\"><img loading=\"lazy\" decoding=\"async\" width=\"61\" height=\"66\" src=\"https:\/\/demo.lemansec.ch\/auberge-colombier.ch\/wp-content\/uploads\/2025\/07\/restoico.png\" alt=\"\" class=\"wp-image-211\"\/><\/figure>\n<\/div>\n\n\n<h5 class=\"wp-block-heading has-text-align-center has-text-color\" style=\"color:#3c4858;font-size:18px\">Restaurant<\/h5>\n\n\n\n<p class=\"has-text-align-center has-text-color wp-block-paragraph\" style=\"color:#999999;font-size:14px\">Espace restaurant de type brasserie.<\/p>\n\n\n\n<div style=\"height:25px\" aria-hidden=\"true\" class=\"wp-block-spacer\"><\/div>\n<\/div>\n\n\n\n<div class=\"wp-block-column is-layout-flow wp-block-column-is-layout-flow\"><div class=\"wp-block-image\">\n<figure class=\"aligncenter size-full\"><img loading=\"lazy\" decoding=\"async\" width=\"85\" height=\"57\" src=\"https:\/\/demo.lemansec.ch\/auberge-colombier.ch\/wp-content\/uploads\/2025\/07\/salleico.png\" alt=\"\" class=\"wp-image-212\"\/><\/figure>\n<\/div>\n\n\n<h5 class=\"wp-block-heading has-text-align-center has-text-color\" style=\"color:#3c4858;font-size:18px\">Salle priv\u00e9e<\/h5>\n\n\n\n<p class=\"has-text-align-center has-text-color wp-block-paragraph\" style=\"color:#999999;font-size:14px\">Privatisation d&rsquo;une salle d&rsquo;environ 25 personnes. <\/p>\n\n\n\n<p class=\"has-text-align-center has-text-color wp-block-paragraph\" style=\"color:#999999;font-size:14px\">Pour vos r\u00e9unions, anniversaires, repas familial, communions, etc&#8230;<\/p>\n\n\n\n<div style=\"height:23px\" aria-hidden=\"true\" class=\"wp-block-spacer\"><\/div>\n<\/div>\n\n\n\n<div class=\"wp-block-column is-layout-flow wp-block-column-is-layout-flow\"><div class=\"wp-block-image\">\n<figure class=\"aligncenter size-full\"><img loading=\"lazy\" decoding=\"async\" width=\"65\" height=\"64\" src=\"https:\/\/demo.lemansec.ch\/auberge-colombier.ch\/wp-content\/uploads\/2025\/07\/eventico.png\" alt=\"\" class=\"wp-image-210\"\/><\/figure>\n<\/div>\n\n\n<h5 class=\"wp-block-heading has-text-align-center has-text-color\" style=\"color:#3c4858;font-size:18px\">Traiteur &#8211; Event<\/h5>\n\n\n\n<p class=\"has-text-align-center has-text-color wp-block-paragraph\" style=\"color:#999999;font-size:14px\">Service traiteur &amp; \u00e9v\u00e9nementiel<\/p>\n\n\n\n<div style=\"height:25px\" aria-hidden=\"true\" class=\"wp-block-spacer\"><\/div>\n<\/div>\n<\/div>\n\n\n\n<hr class=\"wp-block-separator alignfull has-text-color has-accent-color has-alpha-channel-opacity has-accent-background-color has-background is-style-wide\"\/>\n<\/div><\/div>\n\n\n\n<h2 class=\"wp-block-heading alignwide\"><strong>Nos formules<\/strong><\/h2>\n\n\n\n<div class=\"wp-block-columns alignwide is-layout-flex wp-container-core-columns-is-layout-7387b849 wp-block-columns-is-layout-flex\">\n<div class=\"wp-block-column is-layout-flow wp-block-column-is-layout-flow\" style=\"flex-basis:40%\">\n<p class=\"has-black-color has-text-color has-link-color wp-elements-1 wp-block-paragraph\"><strong>Uniquement les midis en semaine<\/strong><\/p>\n<\/div>\n\n\n\n<div class=\"wp-block-column is-layout-flow wp-block-column-is-layout-flow\"><\/div>\n\n\n\n<div class=\"wp-block-column is-layout-flow wp-block-column-is-layout-flow\" style=\"flex-basis:55%\">\n<p class=\"has-black-color has-text-color has-link-color wp-elements-2 wp-block-paragraph\"><strong>Uniquement les soirs<\/strong><\/p>\n<\/div>\n<\/div>\n\n\n\n<div class=\"wp-block-columns alignwide is-layout-flex wp-container-core-columns-is-layout-7387b849 wp-block-columns-is-layout-flex\">\n<div class=\"wp-block-column is-layout-flow wp-block-column-is-layout-flow\" style=\"flex-basis:40%\">\n<figure class=\"wp-block-table is-style-regular\"><table class=\"has-black-color has-text-color has-link-color has-border-color has-accent-border-color\"><tbody><tr><td><strong><mark style=\"background-color:rgba(0, 0, 0, 0);color:#d13636\" class=\"has-inline-color\">Formule Express :<\/mark><\/strong><\/td><td><\/td><\/tr><tr><td>Plat du jour + Bi\u00e8re 3dl \/ Min\u00e9rale 5dl + Caf\u00e9<\/td><td>25 Chf<\/td><\/tr><tr><td><strong>Formules \u00ab\u00a0du jour\u00a0\u00bb :<\/strong><\/td><td><\/td><\/tr><tr><td>Plat du jour uniquement<\/td><td>23 Chf<\/td><\/tr><tr><td>Entr\u00e9e du jour + Plat du jour<\/td><td>30 Chf<\/td><\/tr><tr><td>Plat du jour + Dessert du jour<\/td><td>30 Chf<\/td><\/tr><\/tbody><\/table><\/figure>\n<\/div>\n\n\n\n<div class=\"wp-block-column is-layout-flow wp-block-column-is-layout-flow\"><\/div>\n\n\n\n<div class=\"wp-block-column is-layout-flow wp-block-column-is-layout-flow\" style=\"flex-basis:55%\">\n<div class=\"wp-block-columns is-layout-flex wp-container-core-columns-is-layout-7387b849 wp-block-columns-is-layout-flex\">\n<div class=\"wp-block-column is-layout-flow wp-block-column-is-layout-flow\" style=\"flex-basis:100%\">\n<figure class=\"wp-block-table\"><table class=\"has-black-color has-text-color has-link-color has-border-color has-accent-border-color\"><tbody><tr><td><strong>Au gu\u00e9ridon et en deux services :<\/strong><\/td><td><\/td><\/tr><tr><td>Ch\u00e2teaubriand de b\u0153uf Ratatouille et Gratin Dauphinois (Min. 2Prs.) &#8211; 2 Sauces au choix<\/td><td>33 Chf<\/td><\/tr><tr><td>C\u00f4te de b\u0153uf grill\u00e9e, Frites et cassolette du mara\u00eecher (Min. 2Prs.) &#8211; 2 Sauces au choix<\/td><td>36 Chf<\/td><\/tr><tr><td>Carr\u00e9 d&rsquo;agneau au Thyn et aux herbes de provence dans son jus, Ratatouille et pur\u00e9e de pommes de terre suisse fa\u00e7on \u00ab\u00a0Chef Paul Bocuse\u00a0\u00bb (Min. 2Prs.)<\/td><td>38 Chf<\/td><\/tr><tr><td><mark style=\"background-color:rgba(0, 0, 0, 0);color:#d13636\" class=\"has-inline-color\"><strong>Plat signature Chef Gasnier :<\/strong><\/mark><\/td><td><\/td><\/tr><tr><td>Joues de boeuf brais\u00e9es \u00e0 la bi\u00e8re, gartinute Grand-M\u00e8re. pur\u00e9e de pommes de terre parfum\u00e9e \u00e0 la muscade, l\u00e9gumes pot au feu<\/td><td>39 Chf<\/td><\/tr><\/tbody><\/table><\/figure>\n<\/div>\n<\/div>\n<\/div>\n<\/div>\n\n\n\n<div style=\"height:100px\" aria-hidden=\"true\" class=\"wp-block-spacer\"><\/div>\n\n\n\n<p class=\"has-black-color has-text-color has-link-color wp-elements-3 wp-block-paragraph\"><strong>Ouverture dans<\/strong><\/p>\n\n\n\n<div id=\"wp-block-themeisle-blocks-countdown-7dc184f8\" data-date=\"2025-08-10T12:00:00\" class=\"wp-block-themeisle-blocks-countdown\"><div class=\"otter-countdown__container\"><div class=\"otter-countdown__display\"><div name=\"day\" class=\"otter-countdown__display-area is-main-component\"><div class=\"otter-countdown__value\">0<\/div><div class=\"otter-countdown__label\">Day<\/div><\/div><div name=\"separator\" class=\"otter-countdown__display-area\"><div class=\"otter-countdown__value\">:<\/div><div class=\"otter-countdown__label\">sep<\/div><\/div><div name=\"hour\" class=\"otter-countdown__display-area is-main-component\"><div class=\"otter-countdown__value\">0<\/div><div class=\"otter-countdown__label\">Hour<\/div><\/div><div name=\"separator\" class=\"otter-countdown__display-area\"><div class=\"otter-countdown__value\">:<\/div><div class=\"otter-countdown__label\">sep<\/div><\/div><div name=\"minute\" class=\"otter-countdown__display-area is-main-component\"><div class=\"otter-countdown__value\">0<\/div><div class=\"otter-countdown__label\">Minute<\/div><\/div><div name=\"separator\" class=\"otter-countdown__display-area\"><div class=\"otter-countdown__value\">:<\/div><div class=\"otter-countdown__label\">sep<\/div><\/div><div name=\"second\" class=\"otter-countdown__display-area is-main-component\"><div class=\"otter-countdown__value\">0<\/div><div class=\"otter-countdown__label\">Second<\/div><\/div><\/div><\/div><\/div>\n","protected":false},"excerpt":{"rendered":"<p>Nos formules Uniquement les midis en semaine Uniquement les soirs Formule Express : Plat du jour + Bi\u00e8re 3dl \/ Min\u00e9rale 5dl + Caf\u00e9 25 Chf Formules \u00ab\u00a0du jour\u00a0\u00bb : Plat du jour uniquement 23 Chf Entr\u00e9e du jour + Plat du jour 30 Chf Plat du jour + Dessert [&hellip;]<\/p>\n","protected":false},"author":1,"featured_media":0,"parent":0,"menu_order":0,"comment_status":"closed","ping_status":"closed","template":"","meta":{"_themeisle_gutenberg_block_has_review":false,"footnotes":""},"class_list":["post-14","page","type-page","status-publish","hentry"],"jetpack_sharing_enabled":true,"_links":{"self":[{"href":"https:\/\/demo.lemansec.ch\/auberge-colombier.ch\/index.php\/wp-json\/wp\/v2\/pages\/14","targetHints":{"allow":["GET"]}}],"collection":[{"href":"https:\/\/demo.lemansec.ch\/auberge-colombier.ch\/index.php\/wp-json\/wp\/v2\/pages"}],"about":[{"href":"https:\/\/demo.lemansec.ch\/auberge-colombier.ch\/index.php\/wp-json\/wp\/v2\/types\/page"}],"author":[{"embeddable":true,"href":"https:\/\/demo.lemansec.ch\/auberge-colombier.ch\/index.php\/wp-json\/wp\/v2\/users\/1"}],"replies":[{"embeddable":true,"href":"https:\/\/demo.lemansec.ch\/auberge-colombier.ch\/index.php\/wp-json\/wp\/v2\/comments?post=14"}],"version-history":[{"count":55,"href":"https:\/\/demo.lemansec.ch\/auberge-colombier.ch\/index.php\/wp-json\/wp\/v2\/pages\/14\/revisions"}],"predecessor-version":[{"id":327,"href":"https:\/\/demo.lemansec.ch\/auberge-colombier.ch\/index.php\/wp-json\/wp\/v2\/pages\/14\/revisions\/327"}],"wp:attachment":[{"href":"https:\/\/demo.lemansec.ch\/auberge-colombier.ch\/index.php\/wp-json\/wp\/v2\/media?parent=14"}],"curies":[{"name":"wp","href":"https:\/\/api.w.org\/{rel}","templated":true}]}}